{"id":338,"date":"2021-03-27T20:48:32","date_gmt":"2021-03-28T03:48:32","guid":{"rendered":"https:\/\/sites.evergreen.edu\/climatechange\/?page_id=338"},"modified":"2021-05-04T10:20:34","modified_gmt":"2021-05-04T17:20:34","slug":"winter-2021-speaker-series","status":"publish","type":"page","link":"https:\/\/sites.evergreen.edu\/climatechange\/winter-2021-speaker-series\/","title":{"rendered":"Winter 2021 Speaker Series"},"content":{"rendered":"<p>Evergreen&#8217;s Climate Justice and Resilience Speaker and Event Series is centered on the <a href=\"https:\/\/sites.evergreen.edu\/climatechange\/climate-academy\/\">Climate Academy<\/a> program, and is hosted by multiple programs that study climate themes. All students, faculty, staff, and the general public are invited to join these events on Zoom. Announcements of speakers and events, ways to access the online events, and background links and documents, will be posted here. <strong>Soon after each event is over, videos will also be posted on the quarterly speaker series pages.<\/strong> <em>Many thanks to Evergreen Media Services staff for their hard work in making this remote series possible.<\/em><\/p>\n<p>The speaker and event series builds on the <a href=\"https:\/\/sites.evergreen.edu\/anthropocene\/\">Anthropocene<\/a> series (2015-16), two <a href=\"https:\/\/sites.evergreen.edu\/indigenousclimate\">Indigenous Climate Justice Symposia<\/a> (2015-17), the <a href=\"https:\/\/www.youtube.com\/watch?v=c5XbJ_wqLMU&amp;list=UU80a-2TTNJP8--HZx18U_ng&amp;index=84&amp;t=33s\">\u201cWater is Life\u201d<\/a> forum (2017), \u201c<a href=\"https:\/\/watersconnectus.wordpress.com\/\">The Waters Connect Us<\/a>\u201d forum (2018),\u00a0 the \u201c<a href=\"https:\/\/www.youtube.com\/watch?v=8zdydwsxpQ8\">Nurturing Roots<\/a>\u201d forum (2019), and other collaborative events at Evergreen. The speakers and events listed below are part of the 2020-21 series:<\/p>\n<h4><a href=\"https:\/\/sites.evergreen.edu\/climatechange\/fall-2020-speaker-series\/\">Fall 2020 Speaker Series<\/a><\/h4>\n<p><strong>SEPT. 27: Fall Convocation Panel on Disaster Resilience<\/strong><\/p>\n<p><strong>OCT. 27: Dr. Michael M\u00e9ndez, author of <em>Climate Change from the Streets<\/em><br \/>\n<\/strong><\/p>\n<p><strong>NOV. 10: Dr. Kyle Whyte, Indigenous climate scholar, U. of Michigan<br \/>\n<\/strong><\/p>\n<p><strong>NOV. 18: Professor Lane Selman, Culinary Breeding Network<\/strong><\/p>\n<p><strong>FALL WEEK 9: Evergreen Prof. Pauline Yu, on Climate Change and Aquaculture<\/strong><\/p>\n<h4><strong>WINTER 2021 SPEAKER SERIES <em>(details below)<\/em><\/strong><\/h4>\n<p><strong>JAN. 25: Evergreen Prof. Ruth Hayes, on &#8220;Eco-Media; the Environmental Footprint of Media and the Myth of the Cloud&#8221; <\/strong><\/p>\n<p><strong>FEB. 6: S\u00e1mi Perspectives on Green Colonialism: Response to Climate Change<\/strong><em> (S\u00e1mi National Day)<\/em><\/p>\n<p><strong>FEB. 8: Prof. John Bolte, on Climate Resilience Modeling<\/strong><\/p>\n<p><strong>FEB. 20: Toshi Reagon on <em>Parable of the Sower <\/em>opera<\/strong><\/p>\n<p><strong>FEB. 24: Evergreen Prof. Shangrila Joshi, on &#8220;Climate Justice in Global Context&#8221;<\/strong><\/p>\n<h4><a href=\"https:\/\/sites.evergreen.edu\/climatechange\/spring-2021-speaker-series\/\">Spring 2021 Speaker Series<\/a><\/h4>\n<p><strong>SPRING WEEK 1: Julie Barber (Swinomish Tribe Senior Shellfish Biologist) &amp; Amanda Kelley (UA-Fairbanks Ocean Acidification Research Center)<br \/>\n<\/strong><\/p>\n<p><strong>APR. 14: Zolt\u00e1n Grossman, Alex McCarty, and Conceptualizing Place students presenting publication on removing barriers to salmon runs<\/strong><\/p>\n<p><strong>APR. 24: Jos\u00e9 G\u00f3mez Farmworker Justice Day \/ &#8220;Farmworkers&#8217; response to COVID-19 and wildfire danger using multigenerational movement organizing as an &#8216;ecosystem'&#8221;<br \/>\n<\/strong><\/p>\n<p><strong>MAY 12: Prof. Amalia Leguizam\u00f3n on &#8220;Environmental Injustice and Genetically Modified Soybeans in Argentina&#8221;<\/strong><\/p>\n<p><strong>MAY 13: Rob Smith (U.S. Forest Service) on &#8220;Climate Change Modeling With Lichen Communities&#8221;<\/strong><\/p>\n<p><strong>MAY 26: Evergreen Emeritus Prof.<\/strong> <strong>Jeff Antonelis-Lapp, with &#8220;A Virtual Field Trip in the Nisqually River Watershed&#8221;<\/strong><\/p>\n<hr \/>\n<div class=\"page\" title=\"Page 1\">\n<hr \/>\n<h2>Evergreen Prof. Ruth Hayes, on &#8220;Eco-Media; the Environmental Footprint of Media and the Myth of the Cloud&#8221;<\/h2>\n<h3>Monday, January 25, 2021<\/h3>\n<p><img loading=\"lazy\" class=\"size-medium wp-image-263 alignleft\" src=\"https:\/\/sites.evergreen.edu\/climatechange\/wp-content\/uploads\/sites\/584\/2020\/12\/Ruth-Hayes-199x300.png\" alt=\"\" width=\"199\" height=\"300\" srcset=\"https:\/\/sites.evergreen.edu\/climatechange\/wp-content\/uploads\/sites\/584\/2020\/12\/Ruth-Hayes-199x300.png 199w, https:\/\/sites.evergreen.edu\/climatechange\/wp-content\/uploads\/sites\/584\/2020\/12\/Ruth-Hayes-680x1024.png 680w, https:\/\/sites.evergreen.edu\/climatechange\/wp-content\/uploads\/sites\/584\/2020\/12\/Ruth-Hayes-768x1156.png 768w, https:\/\/sites.evergreen.edu\/climatechange\/wp-content\/uploads\/sites\/584\/2020\/12\/Ruth-Hayes-676x1018.png 676w, https:\/\/sites.evergreen.edu\/climatechange\/wp-content\/uploads\/sites\/584\/2020\/12\/Ruth-Hayes.png 797w\" sizes=\"(max-width: 199px) 100vw, 199px\" \/>Evergreen faculty <a href=\"https:\/\/sites.evergreen.edu\/ruthhayes\/\">Ruth Hayes<\/a> will be speaking about &#8220;Eco-Media; the Environmental Footprint of Media and the Myth of the Cloud,&#8221; hosted by <a href=\"https:\/\/www.evergreen.edu\/catalog\/offering\/mediaworks-animation-documentary-and-experimental-approaches-moving-image-24487\">Mediaworks<\/a> (Laurie Meeker &amp; Ruth Hayes). Ruth Hayes\u00a0is a member of the faculty in animation at The Evergreen State College, teaching\u00a0animation theory and practice in broadly interdisciplinary contexts.\u00a0Her creative research involves\u00a0<a href=\"https:\/\/vimeo.com\/ruthhayes\">animated experiments<\/a> in film, video and digital media as well as flipbooks and other pre-cinema formats. Ruth\u00a0earned her MFA in Experimental Animation at California Institute of the Arts, and her BA in Visual and Environmental Studies at Harvard College.<\/p>\n<p>The two preparatory readings are available as ebooks from the Evergreen Library:<\/p>\n<p>1.) Maxwell, Richard, &amp; Miller, Toby. <em>Greening the Media<\/em> (Oxford University Press, 2012), Introduction, Ch. 1.<\/p>\n<p><span id=\"x_x_docs-internal-guid-e8d67209-7fff-56eb-1d9e-afb387f0d283\">2.) Bozak, Nadia. <em>The Cinematic Footprint: Lights, Camera, Natural Resources<\/em> (Rutgers University Press, 2011), Introduction, Ch. 1.\u00a0<\/span><\/p>\n<p><strong>\u00a010:00 am- 11:15 pm. <\/strong><strong>\u00a0<\/strong><\/p>\n<p><strong>The presentation and discussion are posted on <a href=\"https:\/\/youtu.be\/dPgjP5ygwEg\">YouTube<\/a>:<\/strong><\/p>\n<p><iframe loading=\"lazy\" title=\"Climate Justice and Resilience: Eco-Media\" width=\"676\" height=\"380\" src=\"https:\/\/www.youtube.com\/embed\/dPgjP5ygwEg?feature=oembed\" frameborder=\"0\" allow=\"accelerometer; autoplay; clipboard-write; encrypted-media; gyroscope; picture-in-picture\" allowfullscreen><\/iframe><\/p>\n<hr \/>\n<\/div>\n<h2><strong>S\u00e1mi Perspectives on Green Colonialism: Response to Climate Change<\/strong><\/h2>\n<h3><strong>Saturday, February 6, 2021 (S\u00e1mi National Day)<br \/>\n<\/strong><\/h3>\n<p><img loading=\"lazy\" class=\"alignnone  wp-image-288\" src=\"https:\/\/sites.evergreen.edu\/climatechange\/wp-content\/uploads\/sites\/584\/2021\/01\/Sami-panel-300x212.png\" alt=\"\" width=\"634\" height=\"448\" srcset=\"https:\/\/sites.evergreen.edu\/climatechange\/wp-content\/uploads\/sites\/584\/2021\/01\/Sami-panel-300x212.png 300w, https:\/\/sites.evergreen.edu\/climatechange\/wp-content\/uploads\/sites\/584\/2021\/01\/Sami-panel-1024x722.png 1024w, https:\/\/sites.evergreen.edu\/climatechange\/wp-content\/uploads\/sites\/584\/2021\/01\/Sami-panel-768x541.png 768w, https:\/\/sites.evergreen.edu\/climatechange\/wp-content\/uploads\/sites\/584\/2021\/01\/Sami-panel-676x477.png 676w, https:\/\/sites.evergreen.edu\/climatechange\/wp-content\/uploads\/sites\/584\/2021\/01\/Sami-panel.png 1200w\" sizes=\"(max-width: 634px) 100vw, 634px\" \/><\/p>\n<p>The event consists of a panel with Torkel Rasmussen, Risten Turi Aleksandersen, Hans Ragnar Mathisen, and Eva Maria Fjellheim, plus individual conversations with Stefan Mikaelsson and Aslak Holmberg, all moderated by Ellen Marie (Elle M\u00e1rj\u00e1) Jensen.<\/p>\n<p>The discussions share first-hand experiences of the ways in which \u2018green\u2019 approaches to mitigating climate change are perpetuating destructive colonial practices among the S\u00e1mi. These practices&#8211;including wind projects, dams, railroads, and mining\u2014follow centuries of erasure, oppression, biological racism, and now climate change itself, which is dramatically disrupting basic traditions such as reindeer herding, fishing, and cross-border relations. How can we best support S\u00e1mi efforts to ensure that solutions to climate change do not undermine S\u00e1mis&#8217; UN-recognized rights to land, language, and culture&#8211;all of which are interconnected? The event centers the perspectives and voices of S\u00e1mi people in S\u00e1pmi who represent activists, scholars, educators, reindeer herders, fishers, and artists.<\/p>\n<p>This special 3-hour webinar includes both recorded Zoom conversations and live Q&amp;A with Ellen Marie. The event is sponsored by the academic program <a href=\"https:\/\/www.evergreen.edu\/catalog\/offering\/climate-change-and-colonization-arctic-who-are-sami-27407\">&#8220;Climate Change &amp; Colonization in the Arctic: Who are the S\u00e1mi?&#8221;<\/a> (Marja Eloheimo), as part of the Climate Justice series of events at The Evergreen State College. It is available to the public through the YouTube link below.<\/p>\n<p><img loading=\"lazy\" class=\"size-medium wp-image-256 alignleft\" src=\"https:\/\/sites.evergreen.edu\/climatechange\/wp-content\/uploads\/sites\/584\/2020\/12\/Ellen-Marie-Jensen-300x300.png\" alt=\"\" width=\"300\" height=\"300\" srcset=\"https:\/\/sites.evergreen.edu\/climatechange\/wp-content\/uploads\/sites\/584\/2020\/12\/Ellen-Marie-Jensen-300x300.png 300w, https:\/\/sites.evergreen.edu\/climatechange\/wp-content\/uploads\/sites\/584\/2020\/12\/Ellen-Marie-Jensen-150x150.png 150w, https:\/\/sites.evergreen.edu\/climatechange\/wp-content\/uploads\/sites\/584\/2020\/12\/Ellen-Marie-Jensen-768x766.png 768w, https:\/\/sites.evergreen.edu\/climatechange\/wp-content\/uploads\/sites\/584\/2020\/12\/Ellen-Marie-Jensen-676x675.png 676w, https:\/\/sites.evergreen.edu\/climatechange\/wp-content\/uploads\/sites\/584\/2020\/12\/Ellen-Marie-Jensen.png 958w\" sizes=\"(max-width: 300px) 100vw, 300px\" \/>This panel will feature the commentator <a href=\"https:\/\/en.uit.no\/ansatte\/person?p_document_id=641252\">Ellen Marie (Elle M\u00e1rj\u00e1) Jensen, Ph.D.<\/a>,\u00a0 who is both S\u00e1mi from Finnmark Province in what is now Norway and American from Minneapolis, Minnesota. She earned her PhD in Social Sciences and Humanities in 2019 with the study <em>Diasporic Indigeneity and Storytelling Across Media: A Case Study of Narratives of Early Twentieth Century S\u00e1mi Immigrant Women\u00a0<\/em>from UiT, The Arctic University of Norway<em>.\u00a0<\/em>Jensen\u00a0also holds a Master\u2019s degree in Indigenous Studies and English Literature from UiT. Her scholarship broadly addresses S\u00e1mi and Indigenous studies, feminist\/gender studies, and migration. Currently, she is\u00a0a guest researcher at the Centre for Women&#8217;s and Gender Research at UiT. Ellen Marie is author of <em>We Stopped Forgetting: Stories from S\u00e1mi Americans<\/em> (2012) and editor\/translator of <em>What We Believe In: S\u00e1mi Religious Experience and Beliefs from 1593 to the Present <\/em>(2015). She has also recently published \u201cConceptualizing <em>Oktavuohta <\/em>as a Storytelling Methodology in S\u00e1mi Research.\u201d Volume 4, Issue 1, 2020.<em> Dutkansearvvi diedala\u0161 \u00e1ige\u010d\u00e1la |Saamen kielen ja kulttuurin tutkimusseura |<\/em><em>S\u00e1mi language and culture 12.<\/em><\/p>\n<p><strong>10:00 am-1:15 pm<\/strong><strong><br \/>\n<\/strong><\/p>\n<p><strong>The presentations and discussion are posted as a playlist on<\/strong> <a href=\"https:\/\/youtube.com\/playlist?list=PLP3bUA5NhRcCkljGN9bawqAOMajJUsOe2\">YouTube:<\/a><\/p>\n<p><iframe loading=\"lazy\" title=\"S\u00e1mi Videos\" width=\"676\" height=\"380\" src=\"https:\/\/www.youtube.com\/embed\/videoseries?list=PLP3bUA5NhRcCkljGN9bawqAOMajJUsOe2\" frameborder=\"0\" allow=\"accelerometer; autoplay; clipboard-write; encrypted-media; gyroscope; picture-in-picture\" allowfullscreen><\/iframe><\/p>\n<div class=\"page\" title=\"Page 1\">\n<hr \/>\n<h2 title=\"Page 1\">Prof. John Bolte, on Climate Resilience Modeling<\/h2>\n<h3 title=\"Page 1\">Monday, February 8, 2021<\/h3>\n<p title=\"Page 1\"><img loading=\"lazy\" class=\"size-medium wp-image-258 alignleft\" src=\"https:\/\/sites.evergreen.edu\/climatechange\/wp-content\/uploads\/sites\/584\/2020\/12\/John-Bolte-297x300.png\" alt=\"\" width=\"297\" height=\"300\" srcset=\"https:\/\/sites.evergreen.edu\/climatechange\/wp-content\/uploads\/sites\/584\/2020\/12\/John-Bolte-297x300.png 297w, https:\/\/sites.evergreen.edu\/climatechange\/wp-content\/uploads\/sites\/584\/2020\/12\/John-Bolte.png 568w\" sizes=\"(max-width: 297px) 100vw, 297px\" \/>Professor <a href=\"https:\/\/bee.oregonstate.edu\/users\/john-bolte\">John Bolte<\/a>, of the Oregon State University (OSU) College of Agricultural Sciences,\u00a0 will be speaking on &#8220;Modeling Wildfire in Oregon,&#8221; hosted by <a href=\"https:\/\/www.evergreen.edu\/catalog\/offering\/computer-science-foundations-16116\">Computer Science Foundations<\/a>.<\/p>\n<p title=\"Page 1\"><strong>12:00-1:30 pm.\u00a0<\/strong><\/p>\n<div title=\"Page 1\"><\/div>\n<div title=\"Page 1\"><strong>The presentation and discussion are posted on <a href=\"https:\/\/www.youtube.com\/watch?v=Pzpx85LVf_o\">YouTube. <\/a><\/strong><\/div>\n<div title=\"Page 1\"><\/div>\n<\/div>\n<div title=\"Page 1\"><\/div>\n<div title=\"Page 1\"><\/div>\n<div class=\"page\" title=\"Page 1\">\n<hr \/>\n<h2><strong>Toshi Reagon\u00a0on\u00a0<em>Parable of the Sower<\/em><\/strong><\/h2>\n<h3><strong>Saturday, February 20, 2021<\/strong><\/h3>\n<p><img loading=\"lazy\" class=\"alignnone  wp-image-259\" src=\"https:\/\/sites.evergreen.edu\/climatechange\/wp-content\/uploads\/sites\/584\/2020\/12\/Toshi-Reagon-300x186.jpg\" alt=\"\" width=\"614\" height=\"343\" \/><a href=\"https:\/\/toshireagon.com\/\">Toshi Reagon<\/a> is a talented and versatile singer, composer, and musician with a profound ear for sonic Americana\u2014from folk to funk, from blues to rock. She has performed in venues from Carnegie Hall and the Paris Opera House to music festivals and local clubs, and collaborated with many well-known artists. Toshi Reagon will be performing excerpts from the <a href=\"https:\/\/www.parableopera.com\/\">opera<\/a> based on Octavia E. Butler\u2019s <a href=\"https:\/\/www.octaviabutler.com\/parableseries\">book<\/a> <em>Parable of the Sower<\/em>, which she created with her mother Bernice Johnson Reagon. She will also discuss the role of the artist in times of crisis, including the pandemic, the climate crisis, and the ongoing struggle for racial and social justice.<\/p>\n<p>The conversation will be moderated by Dr. Marcia Tate Arunga, Dean of Evergreen-Tacoma. This program is a collaboration between Evergreen\u2019s <a href=\"https:\/\/sites.evergreen.edu\/climatechange\">Climate Justice &amp; Resilience Series<\/a>, <a href=\"https:\/\/www.evergreen.edu\/tacoma\">Evergreen Tacoma<\/a>, and <a href=\"https:\/\/www.evergreen.edu\/equity\">Inclusive Excellence &amp; Student Success<\/a> (IESS), with thanks to the Unsoeld family.<\/p>\n<p><strong>1:00-3:00 pm at this <a href=\"https:\/\/zoom.us\/j\/95323264815\">Zoom link<\/a><\/strong><\/p>\n<hr \/>\n<\/div>\n<h2 title=\"Page 1\">Evergreen Prof. Shangrila Joshi, on &#8220;Climate Justice in Global Context&#8221;<\/h2>\n<h3>Wednesday, February 24, 2021<\/h3>\n<p><img loading=\"lazy\" class=\" wp-image-264 alignleft\" src=\"https:\/\/sites.evergreen.edu\/climatechange\/wp-content\/uploads\/sites\/584\/2020\/12\/Shangrila-Joshi-300x297.png\" alt=\"\" width=\"266\" height=\"263\" srcset=\"https:\/\/sites.evergreen.edu\/climatechange\/wp-content\/uploads\/sites\/584\/2020\/12\/Shangrila-Joshi-300x297.png 300w, https:\/\/sites.evergreen.edu\/climatechange\/wp-content\/uploads\/sites\/584\/2020\/12\/Shangrila-Joshi.png 516w\" sizes=\"(max-width: 266px) 100vw, 266px\" \/>Shangrila Joshi is a Member of the Faculty in Climate Justice at Evergreen. Her talk on on &#8220;Climate Justice in Global Context&#8221; will be hosted by the <a href=\"https:\/\/sites.evergreen.edu\/climatechange\/climate-academy\/\">Climate Academy<\/a> (Rachel Hastings). She earned a Ph.D. in Environmental Science, Studies and Policy, with Geography as a focal discipline, from the University of Oregon, an M.A. in International Affairs from Ohio University, and a B.Sc. In Environmental Sciences from St. Xavier\u2019s College, Kathmandu University.<\/p>\n<p>Shangrila is a Newar, an Indigenous Nationality of Nepal. She was born in Patan, Nepal, and spent her formative years there, as well as in Dhaka, Bangladesh and Kabul, Afghanistan. Her academic work has focused on the politics of climate justice and is published in a forthcoming Routledge book <em><a href=\"https:\/\/www.routledge.com\/Climate-Change-Justice-and-Global-Resource-Commons-Local-and-Global-Postcolonial\/Joshi\/p\/book\/9780367364557\">Climate Change Justice and Global Resource Commons: Local and Global Postcolonial Political Ecologies<\/a><\/em>. A short piece on some of her work, &#8220;<a href=\"https:\/\/www.sylff.org\/news_voices\/27127\/\">REDD+ and the Forest Commons in Nepal,<\/a>&#8221; was recently published by the Tokyo Foundation for Policy Research.<\/p>\n<p><strong>11:30 am- 1:00 pm<\/strong><\/p>\n<p><a href=\"https:\/\/youtu.be\/yxfensyIAhc\">The presentation and discussion are posted on You Tube:<\/a><\/p>\n<p><iframe loading=\"lazy\" title=\"Climate Justice in Global Context\" width=\"676\" height=\"380\" src=\"https:\/\/www.youtube.com\/embed\/yxfensyIAhc?feature=oembed\" frameborder=\"0\" allow=\"accelerometer; autoplay; clipboard-write; encrypted-media; gyroscope; picture-in-picture\" allowfullscreen><\/iframe><\/p>\n<hr \/>\n","protected":false},"excerpt":{"rendered":"<p>Evergreen&#8217;s Climate Justice and Resilience Speaker and Event Series is centered on the Climate Academy program, and is hosted by multiple programs that study climate themes. All students, faculty, staff, and the general public are invited to join these events on Zoom. Announcements of speakers and events, ways to access the online events, and background [&hellip;]<\/p>\n","protected":false},"author":258,"featured_media":0,"parent":0,"menu_order":0,"comment_status":"closed","ping_status":"closed","template":"","meta":{"_mi_skip_tracking":false},"_links":{"self":[{"href":"https:\/\/sites.evergreen.edu\/climatechange\/wp-json\/wp\/v2\/pages\/338"}],"collection":[{"href":"https:\/\/sites.evergreen.edu\/climatechange\/wp-json\/wp\/v2\/pages"}],"about":[{"href":"https:\/\/sites.evergreen.edu\/climatechange\/wp-json\/wp\/v2\/types\/page"}],"author":[{"embeddable":true,"href":"https:\/\/sites.evergreen.edu\/climatechange\/wp-json\/wp\/v2\/users\/258"}],"replies":[{"embeddable":true,"href":"https:\/\/sites.evergreen.edu\/climatechange\/wp-json\/wp\/v2\/comments?post=338"}],"version-history":[{"count":7,"href":"https:\/\/sites.evergreen.edu\/climatechange\/wp-json\/wp\/v2\/pages\/338\/revisions"}],"predecessor-version":[{"id":413,"href":"https:\/\/sites.evergreen.edu\/climatechange\/wp-json\/wp\/v2\/pages\/338\/revisions\/413"}],"wp:attachment":[{"href":"https:\/\/sites.evergreen.edu\/climatechange\/wp-json\/wp\/v2\/media?parent=338"}],"curies":[{"name":"wp","href":"https:\/\/api.w.org\/{rel}","templated":true}]}}